{"id":1850,"date":"2024-11-30T00:31:37","date_gmt":"2024-11-30T00:31:37","guid":{"rendered":"https:\/\/aoservicodaamamentacao.pt\/asa\/?page_id=1850"},"modified":"2025-12-24T10:12:59","modified_gmt":"2025-12-24T10:12:59","slug":"agenda","status":"publish","type":"page","link":"https:\/\/aoservicodaamamentacao.pt\/asa\/agenda\/","title":{"rendered":"Agenda"},"content":{"rendered":"\n<div style=\"height:40px\" aria-hidden=\"true\" class=\"wp-block-spacer\"><\/div>\n\n\n\n<div class=\"wp-block-uagb-container uagb-block-0aaf0655 alignfull uagb-is-root-container\"><div class=\"uagb-container-inner-blocks-wrap\">\n<div class=\"wp-block-uagb-container uagb-block-d021dd5d\">\n<h2 class=\"wp-block-heading has-text-align-center\">ASA 2026 &#8211; Plano de Atividades<\/h2>\n\n\n\n<div style=\"height:15px\" aria-hidden=\"true\" class=\"wp-block-spacer\"><\/div>\n\n\n\n\t\t\t<div class=\"wp-block-uagb-post-grid uagb-post-grid  uagb-post__image-position-top uagb-post__image-enabled uagb-block-73019a27     uagb-post__items uagb-post__columns-6 is-grid uagb-post__columns-tablet-2 uagb-post__columns-mobile-1 uagb-post__equal-height\" data-total=\"1\" style=\"\">\n\n\t\t\t\t\t\t\t\t\t\t\t\t<article class=\"uagb-post__inner-wrap\">\t\t\t\t\t\t\t\t<div class='uagb-post__image'>\n\t\t\t\t\t\t\t\t\t<a href=\"https:\/\/aoservicodaamamentacao.pt\/asa\/encontro-asa-2026-01-16\/\" target=\"_self\" rel=\"bookmark noopener noreferrer\" class='uagb-image-ratio-inherit'><img loading=\"lazy\" decoding=\"async\" width=\"592\" height=\"78\" src=\"https:\/\/aoservicodaamamentacao.pt\/asa\/wp-content\/uploads\/2025\/10\/post-it_t.png\" class=\"attachment-large size-large\" alt=\"\" srcset=\"https:\/\/aoservicodaamamentacao.pt\/asa\/wp-content\/uploads\/2025\/10\/post-it_t.png 592w, https:\/\/aoservicodaamamentacao.pt\/asa\/wp-content\/uploads\/2025\/10\/post-it_t-300x40.png 300w\" sizes=\"auto, (max-width: 592px) 100vw, 592px\" \/>\t\t\t\t\t<\/a>\n\t\t\t\t\t\t\t<\/div>\n\t\t\t\t\t\t<h4 class=\"uagb-post__title uagb-post__text\">\n\t\t\t\t<a href=\"https:\/\/aoservicodaamamentacao.pt\/asa\/encontro-asa-2026-01-16\/\" target=\"_self\" rel=\"bookmark noopener noreferrer\">Encontro ASA 2026-01-16<\/a>\n\t\t\t<\/h4>\n\t\t\t\t\t\t<div class='uagb-post__text uagb-post-grid-byline'>\n\t\t\t\t\t\t\t<\/div>\n\t\t\t\n\t\t\t\t\t\t\t\t\t<\/article>\n\t\t\t\t\t\t\t\t\t\t\t\t\t\t\t\t<article class=\"uagb-post__inner-wrap\">\t\t\t\t\t\t\t\t<div class='uagb-post__image'>\n\t\t\t\t\t\t\t\t\t<a href=\"https:\/\/aoservicodaamamentacao.pt\/asa\/encontro-asa-2026-02-20\/\" target=\"_self\" rel=\"bookmark noopener noreferrer\" class='uagb-image-ratio-inherit'><img loading=\"lazy\" decoding=\"async\" width=\"592\" height=\"78\" src=\"https:\/\/aoservicodaamamentacao.pt\/asa\/wp-content\/uploads\/2025\/10\/post-it_t.png\" class=\"attachment-large size-large\" alt=\"\" srcset=\"https:\/\/aoservicodaamamentacao.pt\/asa\/wp-content\/uploads\/2025\/10\/post-it_t.png 592w, https:\/\/aoservicodaamamentacao.pt\/asa\/wp-content\/uploads\/2025\/10\/post-it_t-300x40.png 300w\" sizes=\"auto, (max-width: 592px) 100vw, 592px\" \/>\t\t\t\t\t<\/a>\n\t\t\t\t\t\t\t<\/div>\n\t\t\t\t\t\t<h4 class=\"uagb-post__title uagb-post__text\">\n\t\t\t\t<a href=\"https:\/\/aoservicodaamamentacao.pt\/asa\/encontro-asa-2026-02-20\/\" target=\"_self\" rel=\"bookmark noopener noreferrer\">Encontro ASA 2026-02-20<\/a>\n\t\t\t<\/h4>\n\t\t\t\t\t\t<div class='uagb-post__text uagb-post-grid-byline'>\n\t\t\t\t\t\t\t<\/div>\n\t\t\t\n\t\t\t\t\t\t\t\t\t<\/article>\n\t\t\t\t\t\t\t\t\t\t\t\t\t\t\t\t<article class=\"uagb-post__inner-wrap\">\t\t\t\t\t\t\t\t<div class='uagb-post__image'>\n\t\t\t\t\t\t\t\t\t<a href=\"https:\/\/aoservicodaamamentacao.pt\/asa\/encontro-asa-2026-03-17\/\" target=\"_self\" rel=\"bookmark noopener noreferrer\" class='uagb-image-ratio-inherit'><img loading=\"lazy\" decoding=\"async\" width=\"592\" height=\"78\" src=\"https:\/\/aoservicodaamamentacao.pt\/asa\/wp-content\/uploads\/2025\/10\/post-it_t.png\" class=\"attachment-large size-large\" alt=\"\" srcset=\"https:\/\/aoservicodaamamentacao.pt\/asa\/wp-content\/uploads\/2025\/10\/post-it_t.png 592w, https:\/\/aoservicodaamamentacao.pt\/asa\/wp-content\/uploads\/2025\/10\/post-it_t-300x40.png 300w\" sizes=\"auto, (max-width: 592px) 100vw, 592px\" \/>\t\t\t\t\t<\/a>\n\t\t\t\t\t\t\t<\/div>\n\t\t\t\t\t\t<h4 class=\"uagb-post__title uagb-post__text\">\n\t\t\t\t<a href=\"https:\/\/aoservicodaamamentacao.pt\/asa\/encontro-asa-2026-03-17\/\" target=\"_self\" rel=\"bookmark noopener noreferrer\">Encontro ASA 2026-03-17<\/a>\n\t\t\t<\/h4>\n\t\t\t\t\t\t<div class='uagb-post__text uagb-post-grid-byline'>\n\t\t\t\t\t\t\t<\/div>\n\t\t\t\n\t\t\t\t\t\t\t\t\t<\/article>\n\t\t\t\t\t\t\t\t\t\t\t\t\t\t\t\t<article class=\"uagb-post__inner-wrap\">\t\t\t\t\t\t\t\t<div class='uagb-post__image'>\n\t\t\t\t\t\t\t\t\t<a href=\"https:\/\/aoservicodaamamentacao.pt\/asa\/encontro-asa-2026-04-21\/\" target=\"_self\" rel=\"bookmark noopener noreferrer\" class='uagb-image-ratio-inherit'><img loading=\"lazy\" decoding=\"async\" width=\"592\" height=\"78\" src=\"https:\/\/aoservicodaamamentacao.pt\/asa\/wp-content\/uploads\/2025\/10\/post-it_t.png\" class=\"attachment-large size-large\" alt=\"\" srcset=\"https:\/\/aoservicodaamamentacao.pt\/asa\/wp-content\/uploads\/2025\/10\/post-it_t.png 592w, https:\/\/aoservicodaamamentacao.pt\/asa\/wp-content\/uploads\/2025\/10\/post-it_t-300x40.png 300w\" sizes=\"auto, (max-width: 592px) 100vw, 592px\" \/>\t\t\t\t\t<\/a>\n\t\t\t\t\t\t\t<\/div>\n\t\t\t\t\t\t<h4 class=\"uagb-post__title uagb-post__text\">\n\t\t\t\t<a href=\"https:\/\/aoservicodaamamentacao.pt\/asa\/encontro-asa-2026-04-21\/\" target=\"_self\" rel=\"bookmark noopener noreferrer\">Encontro ASA 2026-04-21<\/a>\n\t\t\t<\/h4>\n\t\t\t\t\t\t<div class='uagb-post__text uagb-post-grid-byline'>\n\t\t\t\t\t\t\t<\/div>\n\t\t\t\n\t\t\t\t\t\t\t\t\t<\/article>\n\t\t\t\t\t\t\t\t\t\t\t\t\t\t\t\t<article class=\"uagb-post__inner-wrap\">\t\t\t\t\t\t\t\t<div class='uagb-post__image'>\n\t\t\t\t\t\t\t\t\t<a href=\"https:\/\/aoservicodaamamentacao.pt\/asa\/encontro-asa-2026-05-29\/\" target=\"_self\" rel=\"bookmark noopener noreferrer\" class='uagb-image-ratio-inherit'><img loading=\"lazy\" decoding=\"async\" width=\"592\" height=\"78\" src=\"https:\/\/aoservicodaamamentacao.pt\/asa\/wp-content\/uploads\/2025\/10\/post-it_t.png\" class=\"attachment-large size-large\" alt=\"\" srcset=\"https:\/\/aoservicodaamamentacao.pt\/asa\/wp-content\/uploads\/2025\/10\/post-it_t.png 592w, https:\/\/aoservicodaamamentacao.pt\/asa\/wp-content\/uploads\/2025\/10\/post-it_t-300x40.png 300w\" sizes=\"auto, (max-width: 592px) 100vw, 592px\" \/>\t\t\t\t\t<\/a>\n\t\t\t\t\t\t\t<\/div>\n\t\t\t\t\t\t<h4 class=\"uagb-post__title uagb-post__text\">\n\t\t\t\t<a href=\"https:\/\/aoservicodaamamentacao.pt\/asa\/encontro-asa-2026-05-29\/\" target=\"_self\" rel=\"bookmark noopener noreferrer\">Encontro ASA 2026-05-29<\/a>\n\t\t\t<\/h4>\n\t\t\t\t\t\t<div class='uagb-post__text uagb-post-grid-byline'>\n\t\t\t\t\t\t\t<\/div>\n\t\t\t\n\t\t\t\t\t\t\t\t\t<\/article>\n\t\t\t\t\t\t\t\t\t\t\t\t\t\t\t\t<article class=\"uagb-post__inner-wrap\">\t\t\t\t\t\t\t\t<div class='uagb-post__image'>\n\t\t\t\t\t\t\t\t\t<a href=\"https:\/\/aoservicodaamamentacao.pt\/asa\/encontro-asa-2026-06-23\/\" target=\"_self\" rel=\"bookmark noopener noreferrer\" class='uagb-image-ratio-inherit'><img loading=\"lazy\" decoding=\"async\" width=\"592\" height=\"78\" src=\"https:\/\/aoservicodaamamentacao.pt\/asa\/wp-content\/uploads\/2025\/10\/post-it_t.png\" class=\"attachment-large size-large\" alt=\"\" srcset=\"https:\/\/aoservicodaamamentacao.pt\/asa\/wp-content\/uploads\/2025\/10\/post-it_t.png 592w, https:\/\/aoservicodaamamentacao.pt\/asa\/wp-content\/uploads\/2025\/10\/post-it_t-300x40.png 300w\" sizes=\"auto, (max-width: 592px) 100vw, 592px\" \/>\t\t\t\t\t<\/a>\n\t\t\t\t\t\t\t<\/div>\n\t\t\t\t\t\t<h4 class=\"uagb-post__title uagb-post__text\">\n\t\t\t\t<a href=\"https:\/\/aoservicodaamamentacao.pt\/asa\/encontro-asa-2026-06-23\/\" target=\"_self\" rel=\"bookmark noopener noreferrer\">Encontro ASA 2026-06-23<\/a>\n\t\t\t<\/h4>\n\t\t\t\t\t\t<div class='uagb-post__text uagb-post-grid-byline'>\n\t\t\t\t\t\t\t<\/div>\n\t\t\t\n\t\t\t\t\t\t\t\t\t<\/article>\n\t\t\t\t\t\t\t\t\t\t\t\t\t\t\t\t<article class=\"uagb-post__inner-wrap\">\t\t\t\t\t\t\t\t<div class='uagb-post__image'>\n\t\t\t\t\t\t\t\t\t<a href=\"https:\/\/aoservicodaamamentacao.pt\/asa\/encontro-asa-2026-07-21\/\" target=\"_self\" rel=\"bookmark noopener noreferrer\" class='uagb-image-ratio-inherit'><img loading=\"lazy\" decoding=\"async\" width=\"592\" height=\"78\" src=\"https:\/\/aoservicodaamamentacao.pt\/asa\/wp-content\/uploads\/2025\/10\/post-it_t.png\" class=\"attachment-large size-large\" alt=\"\" srcset=\"https:\/\/aoservicodaamamentacao.pt\/asa\/wp-content\/uploads\/2025\/10\/post-it_t.png 592w, https:\/\/aoservicodaamamentacao.pt\/asa\/wp-content\/uploads\/2025\/10\/post-it_t-300x40.png 300w\" sizes=\"auto, (max-width: 592px) 100vw, 592px\" \/>\t\t\t\t\t<\/a>\n\t\t\t\t\t\t\t<\/div>\n\t\t\t\t\t\t<h4 class=\"uagb-post__title uagb-post__text\">\n\t\t\t\t<a href=\"https:\/\/aoservicodaamamentacao.pt\/asa\/encontro-asa-2026-07-21\/\" target=\"_self\" rel=\"bookmark noopener noreferrer\">Encontro ASA 2026-07-21<\/a>\n\t\t\t<\/h4>\n\t\t\t\t\t\t<div class='uagb-post__text uagb-post-grid-byline'>\n\t\t\t\t\t\t\t<\/div>\n\t\t\t\n\t\t\t\t\t\t\t\t\t<\/article>\n\t\t\t\t\t\t\t\t\t\t\t\t\t\t\t\t<article class=\"uagb-post__inner-wrap\">\t\t\t\t\t\t\t\t<div class='uagb-post__image'>\n\t\t\t\t\t\t\t\t\t<a href=\"https:\/\/aoservicodaamamentacao.pt\/asa\/encontro-asa-2026-08-18\/\" target=\"_self\" rel=\"bookmark noopener noreferrer\" class='uagb-image-ratio-inherit'><img loading=\"lazy\" decoding=\"async\" width=\"592\" height=\"78\" src=\"https:\/\/aoservicodaamamentacao.pt\/asa\/wp-content\/uploads\/2025\/10\/post-it_t.png\" class=\"attachment-large size-large\" alt=\"\" srcset=\"https:\/\/aoservicodaamamentacao.pt\/asa\/wp-content\/uploads\/2025\/10\/post-it_t.png 592w, https:\/\/aoservicodaamamentacao.pt\/asa\/wp-content\/uploads\/2025\/10\/post-it_t-300x40.png 300w\" sizes=\"auto, (max-width: 592px) 100vw, 592px\" \/>\t\t\t\t\t<\/a>\n\t\t\t\t\t\t\t<\/div>\n\t\t\t\t\t\t<h4 class=\"uagb-post__title uagb-post__text\">\n\t\t\t\t<a href=\"https:\/\/aoservicodaamamentacao.pt\/asa\/encontro-asa-2026-08-18\/\" target=\"_self\" rel=\"bookmark noopener noreferrer\">Encontro ASA 2026-08-18<\/a>\n\t\t\t<\/h4>\n\t\t\t\t\t\t<div class='uagb-post__text uagb-post-grid-byline'>\n\t\t\t\t\t\t\t<\/div>\n\t\t\t\n\t\t\t\t\t\t\t\t\t<\/article>\n\t\t\t\t\t\t\t\t\t\t\t\t\t\t\t\t<article class=\"uagb-post__inner-wrap\">\t\t\t\t\t\t\t\t<div class='uagb-post__image'>\n\t\t\t\t\t\t\t\t\t<a href=\"https:\/\/aoservicodaamamentacao.pt\/asa\/encontro-asa-2026-09-18\/\" target=\"_self\" rel=\"bookmark noopener noreferrer\" class='uagb-image-ratio-inherit'><img loading=\"lazy\" decoding=\"async\" width=\"592\" height=\"78\" src=\"https:\/\/aoservicodaamamentacao.pt\/asa\/wp-content\/uploads\/2025\/10\/post-it_t.png\" class=\"attachment-large size-large\" alt=\"\" srcset=\"https:\/\/aoservicodaamamentacao.pt\/asa\/wp-content\/uploads\/2025\/10\/post-it_t.png 592w, https:\/\/aoservicodaamamentacao.pt\/asa\/wp-content\/uploads\/2025\/10\/post-it_t-300x40.png 300w\" sizes=\"auto, (max-width: 592px) 100vw, 592px\" \/>\t\t\t\t\t<\/a>\n\t\t\t\t\t\t\t<\/div>\n\t\t\t\t\t\t<h4 class=\"uagb-post__title uagb-post__text\">\n\t\t\t\t<a href=\"https:\/\/aoservicodaamamentacao.pt\/asa\/encontro-asa-2026-09-18\/\" target=\"_self\" rel=\"bookmark noopener noreferrer\">Encontro ASA 2026-09-18<\/a>\n\t\t\t<\/h4>\n\t\t\t\t\t\t<div class='uagb-post__text uagb-post-grid-byline'>\n\t\t\t\t\t\t\t<\/div>\n\t\t\t\n\t\t\t\t\t\t\t\t\t<\/article>\n\t\t\t\t\t\t\t\t\t\t\t\t\t\t\t\t<article class=\"uagb-post__inner-wrap\">\t\t\t\t\t\t\t\t<div class='uagb-post__image'>\n\t\t\t\t\t\t\t\t\t<a href=\"https:\/\/aoservicodaamamentacao.pt\/asa\/encontro-asa-2026-10-23\/\" target=\"_self\" rel=\"bookmark noopener noreferrer\" class='uagb-image-ratio-inherit'><img loading=\"lazy\" decoding=\"async\" width=\"592\" height=\"78\" src=\"https:\/\/aoservicodaamamentacao.pt\/asa\/wp-content\/uploads\/2025\/10\/post-it_t.png\" class=\"attachment-large size-large\" alt=\"\" srcset=\"https:\/\/aoservicodaamamentacao.pt\/asa\/wp-content\/uploads\/2025\/10\/post-it_t.png 592w, https:\/\/aoservicodaamamentacao.pt\/asa\/wp-content\/uploads\/2025\/10\/post-it_t-300x40.png 300w\" sizes=\"auto, (max-width: 592px) 100vw, 592px\" \/>\t\t\t\t\t<\/a>\n\t\t\t\t\t\t\t<\/div>\n\t\t\t\t\t\t<h4 class=\"uagb-post__title uagb-post__text\">\n\t\t\t\t<a href=\"https:\/\/aoservicodaamamentacao.pt\/asa\/encontro-asa-2026-10-23\/\" target=\"_self\" rel=\"bookmark noopener noreferrer\">Encontro ASA 2026-10-23<\/a>\n\t\t\t<\/h4>\n\t\t\t\t\t\t<div class='uagb-post__text uagb-post-grid-byline'>\n\t\t\t\t\t\t\t<\/div>\n\t\t\t\n\t\t\t\t\t\t\t\t\t<\/article>\n\t\t\t\t\t\t\t\t\t\t\t\t\t\t\t\t<article class=\"uagb-post__inner-wrap\">\t\t\t\t\t\t\t\t<div class='uagb-post__image'>\n\t\t\t\t\t\t\t\t\t<a href=\"https:\/\/aoservicodaamamentacao.pt\/asa\/encontro-asa-2026-11-20\/\" target=\"_self\" rel=\"bookmark noopener noreferrer\" class='uagb-image-ratio-inherit'><img loading=\"lazy\" decoding=\"async\" width=\"592\" height=\"78\" src=\"https:\/\/aoservicodaamamentacao.pt\/asa\/wp-content\/uploads\/2025\/10\/post-it_t.png\" class=\"attachment-large size-large\" alt=\"\" srcset=\"https:\/\/aoservicodaamamentacao.pt\/asa\/wp-content\/uploads\/2025\/10\/post-it_t.png 592w, https:\/\/aoservicodaamamentacao.pt\/asa\/wp-content\/uploads\/2025\/10\/post-it_t-300x40.png 300w\" sizes=\"auto, (max-width: 592px) 100vw, 592px\" \/>\t\t\t\t\t<\/a>\n\t\t\t\t\t\t\t<\/div>\n\t\t\t\t\t\t<h4 class=\"uagb-post__title uagb-post__text\">\n\t\t\t\t<a href=\"https:\/\/aoservicodaamamentacao.pt\/asa\/encontro-asa-2026-11-20\/\" target=\"_self\" rel=\"bookmark noopener noreferrer\">Encontro ASA 2026-11-20<\/a>\n\t\t\t<\/h4>\n\t\t\t\t\t\t<div class='uagb-post__text uagb-post-grid-byline'>\n\t\t\t\t\t\t\t<\/div>\n\t\t\t\n\t\t\t\t\t\t\t\t\t<\/article>\n\t\t\t\t\t\t\t\t\t\t\t\t\t\t\t\t<article class=\"uagb-post__inner-wrap\">\t\t\t\t\t\t\t\t<div class='uagb-post__image'>\n\t\t\t\t\t\t\t\t\t<a href=\"https:\/\/aoservicodaamamentacao.pt\/asa\/encontro-asa-2026-12-15\/\" target=\"_self\" rel=\"bookmark noopener noreferrer\" class='uagb-image-ratio-inherit'><img loading=\"lazy\" decoding=\"async\" width=\"592\" height=\"78\" src=\"https:\/\/aoservicodaamamentacao.pt\/asa\/wp-content\/uploads\/2025\/10\/post-it_t.png\" class=\"attachment-large size-large\" alt=\"\" srcset=\"https:\/\/aoservicodaamamentacao.pt\/asa\/wp-content\/uploads\/2025\/10\/post-it_t.png 592w, https:\/\/aoservicodaamamentacao.pt\/asa\/wp-content\/uploads\/2025\/10\/post-it_t-300x40.png 300w\" sizes=\"auto, (max-width: 592px) 100vw, 592px\" \/>\t\t\t\t\t<\/a>\n\t\t\t\t\t\t\t<\/div>\n\t\t\t\t\t\t<h4 class=\"uagb-post__title uagb-post__text\">\n\t\t\t\t<a href=\"https:\/\/aoservicodaamamentacao.pt\/asa\/encontro-asa-2026-12-15\/\" target=\"_self\" rel=\"bookmark noopener noreferrer\">Encontro ASA 2026-12-15<\/a>\n\t\t\t<\/h4>\n\t\t\t\t\t\t<div class='uagb-post__text uagb-post-grid-byline'>\n\t\t\t\t\t\t\t<\/div>\n\t\t\t\n\t\t\t\t\t\t\t\t\t<\/article>\n\t\t\t\t\t\t\t\t\t\t\t<\/div>\n\t\t\t\n\n\n<div style=\"height:15px\" aria-hidden=\"true\" class=\"wp-block-spacer\"><\/div>\n\n\n\n<p class=\"has-text-align-center has-small-font-size\">Datas sujeitas a altera\u00e7\u00f5es. As marca\u00e7\u00f5es apenas abrem uns dias antes de cada evento.<\/p>\n<\/div>\n\n\n\n<div style=\"height:15px\" aria-hidden=\"true\" class=\"wp-block-spacer\"><\/div>\n\n\n\n<div class=\"wp-block-buttons is-content-justification-center is-layout-flex wp-container-core-buttons-is-layout-16018d1d wp-block-buttons-is-layout-flex\">\n<div class=\"wp-block-button is-style-primary\"><a class=\"wp-block-button__link has-nv-site-bg-color has-text-color has-link-color wp-element-button\" href=\"#consultasasa\">Consulta amamenta\u00e7\u00e3o<\/a><\/div>\n\n\n\n<div class=\"wp-block-button is-style-primary\"><a class=\"wp-block-button__link has-nv-site-bg-color has-text-color has-link-color wp-element-button\" href=\"#workshopsasa\">workshops<\/a><\/div>\n\n\n\n<div class=\"wp-block-button is-style-primary\"><a class=\"wp-block-button__link has-nv-site-bg-color has-text-color has-link-color wp-element-button\" href=\"#consultabemestarmaterno\">consulta bem estar materno<\/a><\/div>\n<\/div>\n\n\n\n<div style=\"height:15px\" aria-hidden=\"true\" class=\"wp-block-spacer\"><\/div>\n<\/div><\/div>\n\n\n\n<div style=\"height:20px\" aria-hidden=\"true\" id=\"consultasasa\" class=\"wp-block-spacer\"><\/div>\n\n\n\n<div class=\"wp-block-uagb-container uagb-block-c4393416 alignfull uagb-is-root-container\">\n<div class=\"wp-block-uagb-container uagb-block-67692119\">\n<div class=\"wp-block-media-text has-media-on-the-right is-stacked-on-mobile is-vertically-aligned-center\" style=\"grid-template-columns:auto 40%\"><div class=\"wp-block-media-text__content\">\n<div style=\"height:20px\" aria-hidden=\"true\" class=\"wp-block-spacer\"><\/div>\n\n\n\n<h4 class=\"wp-block-heading has-text-align-center\">CONSULTA DE AMAMENTA\u00c7\u00c3O<\/h4>\n\n\n\n<p><strong>Nesta consulta, onde poder\u00e1 expor todas as suas quest\u00f5es, ser\u00e1 apoiada por uma Consultora de Lacta\u00e7\u00e3o Certificada (IBCLC) e algu\u00e9m em processo de certifica\u00e7\u00e3o<\/strong>. Foi criada uma equipa de profissionais de diferentes \u00e1reas de atua\u00e7\u00e3o relevantes para o apoio na amamenta\u00e7\u00e3o, de forma a garantir \u00e0s fam\u00edlias ou d\u00edades m\u00e3e-beb\u00e9 que chegam ao ASA uma consulta verdadeiramente hol\u00edstica. Esta equipa multidisciplinar em constante crescimento e atualiza\u00e7\u00e3o, \u00e9 constitu\u00edda por Consultoras de Lacta\u00e7\u00e3o certificadas pelo IBLCE e por profissionais de \u00e1reas diversas como Psic\u00f3logas, M\u00e9dicas Pediatras ou de Medicina Geral e Familiar, Terapeutas da Fala, Enfermeiras Generalistas e Enfermeiras Especialistas em Sa\u00fade Materna e Obstetr\u00edcia ou em Sa\u00fade Infantil e Pedi\u00e1trica, Osteopatas, Fisioterapeutas, Terapeutas Sacrocranianas, Nutricionistas, Doulas, Odontopediatras, entre outros.<\/p>\n\n\n\n<div class=\"wp-block-buttons is-content-justification-center is-layout-flex wp-container-core-buttons-is-layout-16018d1d wp-block-buttons-is-layout-flex\">\n<div class=\"wp-block-button is-style-primary\"><a class=\"wp-block-button__link wp-element-button\" href=\"https:\/\/aoservicodaamamentacao.pt\/asa\/consultas\/\">RESERVAR CONSULTA<\/a><\/div>\n<\/div>\n\n\n\n<div style=\"height:20px\" aria-hidden=\"true\" class=\"wp-block-spacer\"><\/div>\n<\/div><figure class=\"wp-block-media-text__media\"><img loading=\"lazy\" decoding=\"async\" width=\"1024\" height=\"681\" src=\"https:\/\/aoservicodaamamentacao.pt\/asa\/wp-content\/uploads\/2024\/11\/ASA21Maio2024-22-1024x681.jpg\" alt=\"\" class=\"wp-image-1879 size-full\" srcset=\"https:\/\/aoservicodaamamentacao.pt\/asa\/wp-content\/uploads\/2024\/11\/ASA21Maio2024-22-1024x681.jpg 1024w, https:\/\/aoservicodaamamentacao.pt\/asa\/wp-content\/uploads\/2024\/11\/ASA21Maio2024-22-300x200.jpg 300w, https:\/\/aoservicodaamamentacao.pt\/asa\/wp-content\/uploads\/2024\/11\/ASA21Maio2024-22-768x511.jpg 768w, https:\/\/aoservicodaamamentacao.pt\/asa\/wp-content\/uploads\/2024\/11\/ASA21Maio2024-22-1536x1022.jpg 1536w, https:\/\/aoservicodaamamentacao.pt\/asa\/wp-content\/uploads\/2024\/11\/ASA21Maio2024-22-2048x1362.jpg 2048w\" sizes=\"auto, (max-width: 1024px) 100vw, 1024px\" \/><\/figure><\/div>\n<\/div>\n<\/div>\n\n\n\n<div style=\"height:20px\" aria-hidden=\"true\" id=\"workshopsasa\" class=\"wp-block-spacer\"><\/div>\n\n\n\n<div class=\"wp-block-uagb-container uagb-block-fb4a714f alignfull uagb-is-root-container\">\n<div class=\"wp-block-uagb-container uagb-block-ffb9292a\">\n<div class=\"wp-block-media-text has-media-on-the-right is-stacked-on-mobile is-vertically-aligned-center has-nv-site-bg-background-color has-background\" style=\"grid-template-columns:auto 40%\"><div class=\"wp-block-media-text__content\">\n<div style=\"height:20px\" aria-hidden=\"true\" class=\"wp-block-spacer\"><\/div>\n\n\n\n<h4 class=\"wp-block-heading has-text-align-center\">WORKSHOPS<\/h4>\n\n\n\n<p><strong>Na sua miss\u00e3o de capacitar para a parentalidade, o ASA oferece tamb\u00e9m workshops a cada edi\u00e7\u00e3o<\/strong>. Existem workshops sempre presentes de suporte \u00e0 amamenta\u00e7\u00e3o, como por exemplo o workshop pr\u00e9-natal, que tem como objetivo informar e esclarecer mulheres gr\u00e1vidas, dando-lhes informa\u00e7\u00e3o e ferramentas para que o in\u00edcio da sua jornada de amamenta\u00e7\u00e3o seja o mais positivo poss\u00edvel. J\u00e1 foram dados tamb\u00e9m outros workshops com temas de relevo para as fam\u00edlias nesta fase da vida, como Introdu\u00e7\u00e3o Alimentar, Plano de parto, Sa\u00fade P\u00e9lvica, Fraldas Reutiliz\u00e1veis, Seguran\u00e7a Rodovi\u00e1ria Infantil ou Babywearing. Estamos sempre abertas a sugest\u00f5es de temas a apresentar em em edi\u00e7\u00f5es futuras.<\/p>\n\n\n\n<div class=\"wp-block-buttons is-content-justification-center is-layout-flex wp-container-core-buttons-is-layout-16018d1d wp-block-buttons-is-layout-flex\">\n<div class=\"wp-block-button is-style-primary\"><a class=\"wp-block-button__link wp-element-button\" href=\"https:\/\/aoservicodaamamentacao.pt\/asa\/workshops\/\">RESERVAR LUGAR<\/a><\/div>\n<\/div>\n<\/div><figure class=\"wp-block-media-text__media\"><img loading=\"lazy\" decoding=\"async\" width=\"1024\" height=\"682\" src=\"https:\/\/aoservicodaamamentacao.pt\/asa\/wp-content\/uploads\/2024\/09\/ASA20Junho23-231-X3-1024x682.jpg\" alt=\"\" class=\"wp-image-1334 size-full\" srcset=\"https:\/\/aoservicodaamamentacao.pt\/asa\/wp-content\/uploads\/2024\/09\/ASA20Junho23-231-X3-1024x682.jpg 1024w, https:\/\/aoservicodaamamentacao.pt\/asa\/wp-content\/uploads\/2024\/09\/ASA20Junho23-231-X3-300x200.jpg 300w, https:\/\/aoservicodaamamentacao.pt\/asa\/wp-content\/uploads\/2024\/09\/ASA20Junho23-231-X3-768x511.jpg 768w, https:\/\/aoservicodaamamentacao.pt\/asa\/wp-content\/uploads\/2024\/09\/ASA20Junho23-231-X3-1536x1022.jpg 1536w, https:\/\/aoservicodaamamentacao.pt\/asa\/wp-content\/uploads\/2024\/09\/ASA20Junho23-231-X3-930x620.jpg 930w, https:\/\/aoservicodaamamentacao.pt\/asa\/wp-content\/uploads\/2024\/09\/ASA20Junho23-231-X3.jpg 1600w\" sizes=\"auto, (max-width: 1024px) 100vw, 1024px\" \/><\/figure><\/div>\n<\/div>\n<\/div>\n\n\n\n<div style=\"height:20px\" aria-hidden=\"true\" id=\"consultabemestarmaterno\" class=\"wp-block-spacer\"><\/div>\n\n\n\n<div class=\"wp-block-uagb-container uagb-block-5535c95d alignfull uagb-is-root-container\">\n<div class=\"wp-block-uagb-container uagb-block-936965f9\">\n<div class=\"wp-block-media-text has-media-on-the-right is-stacked-on-mobile is-vertically-aligned-center\" style=\"grid-template-columns:auto 40%\"><div class=\"wp-block-media-text__content\">\n<div style=\"height:20px\" aria-hidden=\"true\" class=\"wp-block-spacer\"><\/div>\n\n\n\n<h4 class=\"wp-block-heading has-text-align-center\">CONSULTA BEM ESTAR MATERNO<\/h4>\n\n\n\n<p class=\"has-text-align-left\"><strong>Temos dispon\u00edvel para cuidadores uma consulta de apoio psicol\u00f3gico, por psic\u00f3logas experientes na \u00e1rea da sa\u00fade materna<\/strong>. Esta consulta n\u00e3o faz parte de um processo terap\u00eautico formal, mas \u00e9 um momento que acreditamos que pode fazer uma grande diferen\u00e7a na jornada da fam\u00edlia. O projeto ASA tem clareza das limita\u00e7\u00f5es associadas ao apoio profissional neste formato, mas acredita tamb\u00e9m que o cuidado da sa\u00fade mental perinatal pode ter diversos formatos. Se sentes que precisas desta consulta, entra em contacto connosco.<\/p>\n\n\n\n<div class=\"wp-block-buttons is-content-justification-center is-layout-flex wp-container-core-buttons-is-layout-16018d1d wp-block-buttons-is-layout-flex\">\n<div class=\"wp-block-button is-style-primary\"><a class=\"wp-block-button__link wp-element-button\" href=\"https:\/\/aoservicodaamamentacao.pt\/asa\/consultas\/\">RESERVAR CONSULTA<\/a><\/div>\n<\/div>\n\n\n\n<div style=\"height:20px\" aria-hidden=\"true\" class=\"wp-block-spacer\"><\/div>\n<\/div><figure class=\"wp-block-media-text__media\"><img loading=\"lazy\" decoding=\"async\" width=\"1024\" height=\"681\" src=\"https:\/\/aoservicodaamamentacao.pt\/asa\/wp-content\/uploads\/2024\/11\/ASA21Maio2024-88-1024x681.jpg\" alt=\"\" class=\"wp-image-1898 size-full\" srcset=\"https:\/\/aoservicodaamamentacao.pt\/asa\/wp-content\/uploads\/2024\/11\/ASA21Maio2024-88-1024x681.jpg 1024w, https:\/\/aoservicodaamamentacao.pt\/asa\/wp-content\/uploads\/2024\/11\/ASA21Maio2024-88-300x200.jpg 300w, https:\/\/aoservicodaamamentacao.pt\/asa\/wp-content\/uploads\/2024\/11\/ASA21Maio2024-88-768x511.jpg 768w, https:\/\/aoservicodaamamentacao.pt\/asa\/wp-content\/uploads\/2024\/11\/ASA21Maio2024-88-1536x1022.jpg 1536w, https:\/\/aoservicodaamamentacao.pt\/asa\/wp-content\/uploads\/2024\/11\/ASA21Maio2024-88-2048x1363.jpg 2048w\" sizes=\"auto, (max-width: 1024px) 100vw, 1024px\" \/><\/figure><\/div>\n<\/div>\n<\/div>\n\n\n\n<div style=\"height:40px\" aria-hidden=\"true\" class=\"wp-block-spacer\"><\/div>\n\n\n\n<div style=\"height:40px\" aria-hidden=\"true\" class=\"wp-block-spacer\"><\/div>\n\n\n\n<div style=\"height:20px\" aria-hidden=\"true\" class=\"wp-block-spacer\"><\/div>\n","protected":false},"excerpt":{"rendered":"<p>ASA 2026 &#8211; Plano de Atividades Datas sujeitas a altera\u00e7\u00f5es. As marca\u00e7\u00f5es apenas abrem uns dias antes de cada evento. CONSULTA DE AMAMENTA\u00c7\u00c3O Nesta consulta, onde poder\u00e1 expor todas as suas quest\u00f5es, ser\u00e1 apoiada por uma Consultora de Lacta\u00e7\u00e3o Certificada (IBCLC) e algu\u00e9m em processo de certifica\u00e7\u00e3o. Foi criada uma equipa de profissionais de diferentes&hellip;&nbsp;<a href=\"https:\/\/aoservicodaamamentacao.pt\/asa\/agenda\/\" rel=\"bookmark\">Ler mais &raquo;<span class=\"screen-reader-text\">Agenda<\/span><\/a><\/p>\n","protected":false},"author":3,"featured_media":396,"parent":0,"menu_order":0,"comment_status":"closed","ping_status":"closed","template":"","meta":{"_uag_custom_page_level_css":"","neve_meta_sidebar":"","neve_meta_container":"default","neve_meta_enable_content_width":"","neve_meta_content_width":0,"neve_meta_title_alignment":"","neve_meta_author_avatar":"","neve_post_elements_order":"","neve_meta_disable_header":"","neve_meta_disable_footer":"","neve_meta_disable_title":"on","_themeisle_gutenberg_block_has_review":false,"_vp_format_video_url":"","_vp_image_focal_point":[],"footnotes":""},"class_list":["post-1850","page","type-page","status-publish","has-post-thumbnail","hentry"],"yoast_head":"<!-- This site is optimized with the Yoast SEO plugin v27.5 - https:\/\/yoast.com\/product\/yoast-seo-wordpress\/ -->\n<title>Agenda - ASA<\/title>\n<meta name=\"robots\" content=\"index, follow, max-snippet:-1, max-image-preview:large, max-video-preview:-1\" \/>\n<link rel=\"canonical\" href=\"https:\/\/aoservicodaamamentacao.pt\/asa\/agenda\/\" \/>\n<meta property=\"og:locale\" content=\"pt_PT\" \/>\n<meta property=\"og:type\" content=\"article\" \/>\n<meta property=\"og:title\" content=\"Agenda - ASA\" \/>\n<meta property=\"og:description\" content=\"ASA 2026 &#8211; Plano de Atividades Datas sujeitas a altera\u00e7\u00f5es. As marca\u00e7\u00f5es apenas abrem uns dias antes de cada evento. CONSULTA DE AMAMENTA\u00c7\u00c3O Nesta consulta, onde poder\u00e1 expor todas as suas quest\u00f5es, ser\u00e1 apoiada por uma Consultora de Lacta\u00e7\u00e3o Certificada (IBCLC) e algu\u00e9m em processo de certifica\u00e7\u00e3o. Foi criada uma equipa de profissionais de diferentes&hellip;&nbsp;Ler mais &raquo;Agenda\" \/>\n<meta property=\"og:url\" content=\"https:\/\/aoservicodaamamentacao.pt\/asa\/agenda\/\" \/>\n<meta property=\"og:site_name\" content=\"ASA\" \/>\n<meta property=\"article:modified_time\" content=\"2025-12-24T10:12:59+00:00\" \/>\n<meta property=\"og:image\" content=\"https:\/\/aoservicodaamamentacao.pt\/asa\/wp-content\/uploads\/2024\/06\/asa-amap_barra.jpg\" \/>\n\t<meta property=\"og:image:width\" content=\"1792\" \/>\n\t<meta property=\"og:image:height\" content=\"300\" \/>\n\t<meta property=\"og:image:type\" content=\"image\/jpeg\" \/>\n<meta name=\"twitter:card\" content=\"summary_large_image\" \/>\n<meta name=\"twitter:label1\" content=\"Tempo estimado de leitura\" \/>\n\t<meta name=\"twitter:data1\" content=\"3 minutos\" \/>\n<script type=\"application\/ld+json\" class=\"yoast-schema-graph\">{\"@context\":\"https:\\\/\\\/schema.org\",\"@graph\":[{\"@type\":\"WebPage\",\"@id\":\"https:\\\/\\\/aoservicodaamamentacao.pt\\\/asa\\\/agenda\\\/\",\"url\":\"https:\\\/\\\/aoservicodaamamentacao.pt\\\/asa\\\/agenda\\\/\",\"name\":\"Agenda - ASA\",\"isPartOf\":{\"@id\":\"https:\\\/\\\/aoservicodaamamentacao.pt\\\/asa\\\/#website\"},\"primaryImageOfPage\":{\"@id\":\"https:\\\/\\\/aoservicodaamamentacao.pt\\\/asa\\\/agenda\\\/#primaryimage\"},\"image\":{\"@id\":\"https:\\\/\\\/aoservicodaamamentacao.pt\\\/asa\\\/agenda\\\/#primaryimage\"},\"thumbnailUrl\":\"https:\\\/\\\/aoservicodaamamentacao.pt\\\/asa\\\/wp-content\\\/uploads\\\/2024\\\/06\\\/asa-amap_barra.jpg\",\"datePublished\":\"2024-11-30T00:31:37+00:00\",\"dateModified\":\"2025-12-24T10:12:59+00:00\",\"breadcrumb\":{\"@id\":\"https:\\\/\\\/aoservicodaamamentacao.pt\\\/asa\\\/agenda\\\/#breadcrumb\"},\"inLanguage\":\"pt-PT\",\"potentialAction\":[{\"@type\":\"ReadAction\",\"target\":[\"https:\\\/\\\/aoservicodaamamentacao.pt\\\/asa\\\/agenda\\\/\"]}]},{\"@type\":\"ImageObject\",\"inLanguage\":\"pt-PT\",\"@id\":\"https:\\\/\\\/aoservicodaamamentacao.pt\\\/asa\\\/agenda\\\/#primaryimage\",\"url\":\"https:\\\/\\\/aoservicodaamamentacao.pt\\\/asa\\\/wp-content\\\/uploads\\\/2024\\\/06\\\/asa-amap_barra.jpg\",\"contentUrl\":\"https:\\\/\\\/aoservicodaamamentacao.pt\\\/asa\\\/wp-content\\\/uploads\\\/2024\\\/06\\\/asa-amap_barra.jpg\",\"width\":1792,\"height\":300},{\"@type\":\"BreadcrumbList\",\"@id\":\"https:\\\/\\\/aoservicodaamamentacao.pt\\\/asa\\\/agenda\\\/#breadcrumb\",\"itemListElement\":[{\"@type\":\"ListItem\",\"position\":1,\"name\":\"In\u00edcio\",\"item\":\"https:\\\/\\\/aoservicodaamamentacao.pt\\\/asa\\\/\"},{\"@type\":\"ListItem\",\"position\":2,\"name\":\"Agenda\"}]},{\"@type\":\"WebSite\",\"@id\":\"https:\\\/\\\/aoservicodaamamentacao.pt\\\/asa\\\/#website\",\"url\":\"https:\\\/\\\/aoservicodaamamentacao.pt\\\/asa\\\/\",\"name\":\"ASA\",\"description\":\"Associa\u00e7\u00e3o Movimento Amamentar em Portugal\",\"publisher\":{\"@id\":\"https:\\\/\\\/aoservicodaamamentacao.pt\\\/asa\\\/#organization\"},\"potentialAction\":[{\"@type\":\"SearchAction\",\"target\":{\"@type\":\"EntryPoint\",\"urlTemplate\":\"https:\\\/\\\/aoservicodaamamentacao.pt\\\/asa\\\/?s={search_term_string}\"},\"query-input\":{\"@type\":\"PropertyValueSpecification\",\"valueRequired\":true,\"valueName\":\"search_term_string\"}}],\"inLanguage\":\"pt-PT\"},{\"@type\":\"Organization\",\"@id\":\"https:\\\/\\\/aoservicodaamamentacao.pt\\\/asa\\\/#organization\",\"name\":\"ASA\",\"url\":\"https:\\\/\\\/aoservicodaamamentacao.pt\\\/asa\\\/\",\"logo\":{\"@type\":\"ImageObject\",\"inLanguage\":\"pt-PT\",\"@id\":\"https:\\\/\\\/aoservicodaamamentacao.pt\\\/asa\\\/#\\\/schema\\\/logo\\\/image\\\/\",\"url\":\"https:\\\/\\\/aoservicodaamamentacao.pt\\\/asa\\\/wp-content\\\/uploads\\\/2024\\\/09\\\/cropped-favicon.png\",\"contentUrl\":\"https:\\\/\\\/aoservicodaamamentacao.pt\\\/asa\\\/wp-content\\\/uploads\\\/2024\\\/09\\\/cropped-favicon.png\",\"width\":512,\"height\":512,\"caption\":\"ASA\"},\"image\":{\"@id\":\"https:\\\/\\\/aoservicodaamamentacao.pt\\\/asa\\\/#\\\/schema\\\/logo\\\/image\\\/\"},\"sameAs\":[\"https:\\\/\\\/www.instagram.com\\\/asa.amamentacao\\\/\"]}]}<\/script>\n<!-- \/ Yoast SEO plugin. -->","yoast_head_json":{"title":"Agenda - ASA","robots":{"index":"index","follow":"follow","max-snippet":"max-snippet:-1","max-image-preview":"max-image-preview:large","max-video-preview":"max-video-preview:-1"},"canonical":"https:\/\/aoservicodaamamentacao.pt\/asa\/agenda\/","og_locale":"pt_PT","og_type":"article","og_title":"Agenda - ASA","og_description":"ASA 2026 &#8211; Plano de Atividades Datas sujeitas a altera\u00e7\u00f5es. As marca\u00e7\u00f5es apenas abrem uns dias antes de cada evento. CONSULTA DE AMAMENTA\u00c7\u00c3O Nesta consulta, onde poder\u00e1 expor todas as suas quest\u00f5es, ser\u00e1 apoiada por uma Consultora de Lacta\u00e7\u00e3o Certificada (IBCLC) e algu\u00e9m em processo de certifica\u00e7\u00e3o. Foi criada uma equipa de profissionais de diferentes&hellip;&nbsp;Ler mais &raquo;Agenda","og_url":"https:\/\/aoservicodaamamentacao.pt\/asa\/agenda\/","og_site_name":"ASA","article_modified_time":"2025-12-24T10:12:59+00:00","og_image":[{"width":1792,"height":300,"url":"https:\/\/aoservicodaamamentacao.pt\/asa\/wp-content\/uploads\/2024\/06\/asa-amap_barra.jpg","type":"image\/jpeg"}],"twitter_card":"summary_large_image","twitter_misc":{"Tempo estimado de leitura":"3 minutos"},"schema":{"@context":"https:\/\/schema.org","@graph":[{"@type":"WebPage","@id":"https:\/\/aoservicodaamamentacao.pt\/asa\/agenda\/","url":"https:\/\/aoservicodaamamentacao.pt\/asa\/agenda\/","name":"Agenda - ASA","isPartOf":{"@id":"https:\/\/aoservicodaamamentacao.pt\/asa\/#website"},"primaryImageOfPage":{"@id":"https:\/\/aoservicodaamamentacao.pt\/asa\/agenda\/#primaryimage"},"image":{"@id":"https:\/\/aoservicodaamamentacao.pt\/asa\/agenda\/#primaryimage"},"thumbnailUrl":"https:\/\/aoservicodaamamentacao.pt\/asa\/wp-content\/uploads\/2024\/06\/asa-amap_barra.jpg","datePublished":"2024-11-30T00:31:37+00:00","dateModified":"2025-12-24T10:12:59+00:00","breadcrumb":{"@id":"https:\/\/aoservicodaamamentacao.pt\/asa\/agenda\/#breadcrumb"},"inLanguage":"pt-PT","potentialAction":[{"@type":"ReadAction","target":["https:\/\/aoservicodaamamentacao.pt\/asa\/agenda\/"]}]},{"@type":"ImageObject","inLanguage":"pt-PT","@id":"https:\/\/aoservicodaamamentacao.pt\/asa\/agenda\/#primaryimage","url":"https:\/\/aoservicodaamamentacao.pt\/asa\/wp-content\/uploads\/2024\/06\/asa-amap_barra.jpg","contentUrl":"https:\/\/aoservicodaamamentacao.pt\/asa\/wp-content\/uploads\/2024\/06\/asa-amap_barra.jpg","width":1792,"height":300},{"@type":"BreadcrumbList","@id":"https:\/\/aoservicodaamamentacao.pt\/asa\/agenda\/#breadcrumb","itemListElement":[{"@type":"ListItem","position":1,"name":"In\u00edcio","item":"https:\/\/aoservicodaamamentacao.pt\/asa\/"},{"@type":"ListItem","position":2,"name":"Agenda"}]},{"@type":"WebSite","@id":"https:\/\/aoservicodaamamentacao.pt\/asa\/#website","url":"https:\/\/aoservicodaamamentacao.pt\/asa\/","name":"ASA","description":"Associa\u00e7\u00e3o Movimento Amamentar em Portugal","publisher":{"@id":"https:\/\/aoservicodaamamentacao.pt\/asa\/#organization"},"potentialAction":[{"@type":"SearchAction","target":{"@type":"EntryPoint","urlTemplate":"https:\/\/aoservicodaamamentacao.pt\/asa\/?s={search_term_string}"},"query-input":{"@type":"PropertyValueSpecification","valueRequired":true,"valueName":"search_term_string"}}],"inLanguage":"pt-PT"},{"@type":"Organization","@id":"https:\/\/aoservicodaamamentacao.pt\/asa\/#organization","name":"ASA","url":"https:\/\/aoservicodaamamentacao.pt\/asa\/","logo":{"@type":"ImageObject","inLanguage":"pt-PT","@id":"https:\/\/aoservicodaamamentacao.pt\/asa\/#\/schema\/logo\/image\/","url":"https:\/\/aoservicodaamamentacao.pt\/asa\/wp-content\/uploads\/2024\/09\/cropped-favicon.png","contentUrl":"https:\/\/aoservicodaamamentacao.pt\/asa\/wp-content\/uploads\/2024\/09\/cropped-favicon.png","width":512,"height":512,"caption":"ASA"},"image":{"@id":"https:\/\/aoservicodaamamentacao.pt\/asa\/#\/schema\/logo\/image\/"},"sameAs":["https:\/\/www.instagram.com\/asa.amamentacao\/"]}]}},"uagb_featured_image_src":{"full":["https:\/\/aoservicodaamamentacao.pt\/asa\/wp-content\/uploads\/2024\/06\/asa-amap_barra.jpg",1792,300,false],"thumbnail":["https:\/\/aoservicodaamamentacao.pt\/asa\/wp-content\/uploads\/2024\/06\/asa-amap_barra-150x150.jpg",150,150,true],"medium":["https:\/\/aoservicodaamamentacao.pt\/asa\/wp-content\/uploads\/2024\/06\/asa-amap_barra-300x50.jpg",300,50,true],"medium_large":["https:\/\/aoservicodaamamentacao.pt\/asa\/wp-content\/uploads\/2024\/06\/asa-amap_barra-768x129.jpg",768,129,true],"large":["https:\/\/aoservicodaamamentacao.pt\/asa\/wp-content\/uploads\/2024\/06\/asa-amap_barra-1024x171.jpg",1024,171,true],"1536x1536":["https:\/\/aoservicodaamamentacao.pt\/asa\/wp-content\/uploads\/2024\/06\/asa-amap_barra-1536x257.jpg",1536,257,true],"2048x2048":["https:\/\/aoservicodaamamentacao.pt\/asa\/wp-content\/uploads\/2024\/06\/asa-amap_barra.jpg",1792,300,false],"vp_sm":["https:\/\/aoservicodaamamentacao.pt\/asa\/wp-content\/uploads\/2024\/06\/asa-amap_barra.jpg",500,84,false],"vp_md":["https:\/\/aoservicodaamamentacao.pt\/asa\/wp-content\/uploads\/2024\/06\/asa-amap_barra.jpg",800,134,false],"vp_lg":["https:\/\/aoservicodaamamentacao.pt\/asa\/wp-content\/uploads\/2024\/06\/asa-amap_barra.jpg",1280,214,false],"vp_xl":["https:\/\/aoservicodaamamentacao.pt\/asa\/wp-content\/uploads\/2024\/06\/asa-amap_barra.jpg",1792,300,false],"vp_sm_popup":["https:\/\/aoservicodaamamentacao.pt\/asa\/wp-content\/uploads\/2024\/06\/asa-amap_barra.jpg",500,84,false],"vp_md_popup":["https:\/\/aoservicodaamamentacao.pt\/asa\/wp-content\/uploads\/2024\/06\/asa-amap_barra.jpg",800,134,false],"vp_xl_popup":["https:\/\/aoservicodaamamentacao.pt\/asa\/wp-content\/uploads\/2024\/06\/asa-amap_barra.jpg",1792,300,false],"neve-blog":["https:\/\/aoservicodaamamentacao.pt\/asa\/wp-content\/uploads\/2024\/06\/asa-amap_barra-930x300.jpg",930,300,true]},"uagb_author_info":{"display_name":"ASA WM","author_link":"https:\/\/aoservicodaamamentacao.pt\/asa\/author\/webmaster\/"},"uagb_comment_info":0,"uagb_excerpt":"ASA 2026 &#8211; Plano de Atividades Datas sujeitas a altera\u00e7\u00f5es. As marca\u00e7\u00f5es apenas abrem uns dias antes de cada evento. CONSULTA DE AMAMENTA\u00c7\u00c3O Nesta consulta, onde poder\u00e1 expor todas as suas quest\u00f5es, ser\u00e1 apoiada por uma Consultora de Lacta\u00e7\u00e3o Certificada (IBCLC) e algu\u00e9m em processo de certifica\u00e7\u00e3o. Foi criada uma equipa de profissionais de diferentes&hellip;&nbsp;Ler&hellip;","_links":{"self":[{"href":"https:\/\/aoservicodaamamentacao.pt\/asa\/wp-json\/wp\/v2\/pages\/1850","targetHints":{"allow":["GET"]}}],"collection":[{"href":"https:\/\/aoservicodaamamentacao.pt\/asa\/wp-json\/wp\/v2\/pages"}],"about":[{"href":"https:\/\/aoservicodaamamentacao.pt\/asa\/wp-json\/wp\/v2\/types\/page"}],"author":[{"embeddable":true,"href":"https:\/\/aoservicodaamamentacao.pt\/asa\/wp-json\/wp\/v2\/users\/3"}],"replies":[{"embeddable":true,"href":"https:\/\/aoservicodaamamentacao.pt\/asa\/wp-json\/wp\/v2\/comments?post=1850"}],"version-history":[{"count":146,"href":"https:\/\/aoservicodaamamentacao.pt\/asa\/wp-json\/wp\/v2\/pages\/1850\/revisions"}],"predecessor-version":[{"id":4124,"href":"https:\/\/aoservicodaamamentacao.pt\/asa\/wp-json\/wp\/v2\/pages\/1850\/revisions\/4124"}],"wp:featuredmedia":[{"embeddable":true,"href":"https:\/\/aoservicodaamamentacao.pt\/asa\/wp-json\/wp\/v2\/media\/396"}],"wp:attachment":[{"href":"https:\/\/aoservicodaamamentacao.pt\/asa\/wp-json\/wp\/v2\/media?parent=1850"}],"curies":[{"name":"wp","href":"https:\/\/api.w.org\/{rel}","templated":true}]}}